{"id":236,"date":"2017-01-24T11:58:35","date_gmt":"2017-01-24T11:58:35","guid":{"rendered":"http:\/\/blekhonnun.is\/fornleifafelag\/?page_id=236"},"modified":"2017-01-24T11:58:35","modified_gmt":"2017-01-24T11:58:35","slug":"verkefnaskra-2005","status":"publish","type":"page","link":"http:\/\/fornleifafelag.is\/?page_id=236","title":{"rendered":"Verkefnaskr\u00e1 2005"},"content":{"rendered":"<p><strong>Verkefnaskr\u00e1 Hins \u00feingeyska fornleifaf\u00e9lags 2005.<\/strong><\/p>\n<p><strong>\u00deingey \u00ed Skj\u00e1lfandaflj\u00f3ti:<\/strong><\/p>\n<p>L\u00fdsing verkefnis<\/p>\n<p>&nbsp;<\/p>\n<p>Verkefni\u00f0 skiptist \u00ed tvennt: Annars vegar ver\u00f0a r\u00fastir \u00ed eynni m\u00e6ldar n\u00e1kv\u00e6mlega upp me\u00f0 GPS-yfirbor\u00f0sm\u00e6lingu (differential GPS). \u00deannig er unnt a\u00f0 b\u00faa til n\u00e1kv\u00e6mt \u00fer\u00edv\u00edddarl\u00edkan af \u00f6llum r\u00fastunum. Hins vegar ver\u00f0a grafnir k\u00f6nnunarskur\u00f0ir \u00e1 fj\u00f3rum st\u00f6\u00f0um, fyrst og fremst til a\u00f0 greina aldur r\u00fastanna me\u00f0 a\u00f0fer\u00f0um gj\u00f3skulagafr\u00e6\u00f0i en einnig til a\u00f0 kanna innri ger\u00f0 \u00feeirra, hvort \u00fear leynist g\u00f3lfl\u00f6g e\u00f0a \u00f6nnur merki um mannvist. Sl\u00edkur skur\u00f0gr\u00f6ftur er nau\u00f0synlegur undanfari frekari uppgraftar.<\/p>\n<p>Fyrirhugu\u00f0 ranns\u00f3kn er hluti af st\u00e6rra verkefni sem er \u00e1 stefnuskr\u00e1 n\u00fdstofna\u00f0s f\u00e9lags sem nefnist \u00deingeyskur sagnagar\u00f0ur. \u00deingeyskur sagnagar\u00f0ur hefur a\u00f0 markmi\u00f0i a\u00f0 safna saman og mi\u00f0la fyrirliggjandi s\u00f6gu\u00feekkingu \u00e1 sv\u00e6\u00f0inu og afla n\u00fdrrar \u00feekkingar. \u00cd fyrstu mun \u00e1hersla l\u00f6g\u00f0 \u00e1 \u00ferj\u00e1 sta\u00f0i: \u00deorgeirskirkju \u00ed Lj\u00f3savatnsskar\u00f0i, Go\u00f0afoss og \u00deingey. Hi\u00f0 \u00feingeyska fornleifaf\u00e9lag hefur forg\u00f6ngu um a\u00f0 efla ranns\u00f3knar\u00fe\u00e1tt m\u00e1lsins. Til a\u00f0 \u00deingey geti or\u00f0i\u00f0 v\u00e6nlegur vi\u00f0komusta\u00f0ur fer\u00f0amanna er m.a. nau\u00f0synlegt a\u00f0 \u00fatb\u00faa kynningarefni vi\u00f0 h\u00e6fi. Mikilv\u00e6gt er a\u00f0 til s\u00e9 n\u00e1kv\u00e6mur uppdr\u00e1ttur af r\u00fastunum og a\u00f0 l\u00e1gmarksvitneskja s\u00e9 fyrir hendi um aldur \u00feeirra og innri ger\u00f0. Fornleifastofnun \u00cdslands mun annast ranns\u00f3knirnar a\u00f0 fengnum tilskyldum leyfum og ver\u00f0a ni\u00f0urst\u00f6\u00f0ur ranns\u00f3kna birtar \u00ed sk\u00fdrsluformi.<\/p>\n<p><strong>\u00deegjandadalur \u00ed A\u00f0aldal:<\/strong><\/p>\n<p>Verkefni\u00f0<\/p>\n<p>&nbsp;<\/p>\n<p>Fyrirhuga\u00f0 verkefni felst \u00ed a\u00f0alskr\u00e1ningu fornleifa \u00e1 dalnum. \u00cd sl\u00edkri skr\u00e1ningu er gengi\u00f0 \u00e1 alla minjasta\u00f0i, \u00feeir sta\u00f0settir me\u00f0 gps-hnitum, uppdr\u00e6ttir ger\u00f0ir og l\u00fdsingar rita\u00f0ar. S\u00ed\u00f0an eru minjarnar f\u00e6r\u00f0ar inn \u00e1 kort. Sl\u00edk skr\u00e1ning gefur \u00fev\u00ed yfirlit um allar sj\u00e1anlegar mannvistarleifar og hl\u00fdtur a\u00f0 teljast einhver \u00f6flugasti grunnur a\u00f0 frekari ranns\u00f3knum \u00e1 dalnum sem v\u00f6l er \u00e1.<\/p>\n<p>&nbsp;<\/p>\n<p>F\u00e1tt er vita\u00f0 um fj\u00f6lda fornleifa \u00e1 \u00deegjandadal, enda skortir heimildir um \u00fea\u00f0 \u00fear sem bygg\u00f0in vir\u00f0ist hafa lagst af svo snemma. \u00de\u00f3 er vita\u00f0 a\u00f0 \u00fear er fj\u00f6ldinn allur af t\u00f3ftum, gar\u00f0l\u00f6gum og \u00f6\u00f0rum sj\u00e1anlegum minjum. Kostna\u00f0ar\u00e1\u00e6tlun byggir annars vegar \u00e1 st\u00e6r\u00f0 dalsins og hins vegar \u00e1 reynslu af fornleifaskr\u00e1ningu \u00e1 samb\u00e6rilegum sv\u00e6\u00f0um. \u00c1\u00e6tla\u00f0 er a\u00f0 verki\u00f0 ver\u00f0i unni\u00f0 \u00ed j\u00fal\u00ed e\u00f0a \u00e1g\u00fast sumari\u00f0 2005 og \u00e1fangask\u00fdrsla ver\u00f0i tilb\u00fain um \u00e1ram\u00f3t 2005-2006. Lokask\u00fdrslu er svo a\u00f0 v\u00e6nta vori\u00f0 2006.<\/p>\n<p>Mj\u00f6g mikilv\u00e6gt er a\u00f0 hafist ver\u00f0i handa vi\u00f0 skr\u00e1ningu fornleifa \u00e1 dalnum. Jafnhli\u00f0a samdr\u00e6tti \u00ed landb\u00fana\u00f0i hefur l\u00e1ggr\u00f3\u00f0ur aukist \u00fear til mikilla muna og ver\u00f0ur skr\u00e1ning erfi\u00f0ari eftir \u00fev\u00ed sem \u00e1rin l\u00ed\u00f0a. Skr\u00e1ningin er mikilv\u00e6g, ekki a\u00f0eins \u00ed ranns\u00f3knarlegu tilliti heldur gefur kynning minja \u00e1 \u00deegjandadal mikla m\u00f6guleika fyrir fer\u00f0amenn og g\u00e6ti \u00feannig stutt vi\u00f0 atvinnul\u00edf \u00ed hreppnum.<\/p>\n<p>Sveitarstj\u00f3rn A\u00f0ald\u00e6lahrepps hefur veitt f\u00e9laginu styrk a\u00f0 upph\u00e6\u00f0 kr. 100.000.00 til a\u00f0 hefja fornleifaskr\u00e1ningu. Skr\u00e1ningin ver\u00f0ur framkv\u00e6md af Fornleifastofnun \u00cdslands.<\/p>\n<p><strong>Forn gar\u00f0l\u00f6g \u00e1 Narfast\u00f6\u00f0um<\/strong><\/p>\n<p>Me\u00f0 \u00fev\u00ed a\u00f0 afla uppl\u00fdsinga um aldur nokkurra valinna gar\u00f0laga \u00e1 Narfast\u00f6\u00f0um m\u00e6tti l\u00edkast til svara mikilv\u00e6gum spurningum um s\u00f6gu bygg\u00f0ar \u00e1 sta\u00f0num. G\u00e6ti \u00fea\u00f0 veri\u00f0 g\u00f3\u00f0ur grunnur a\u00f0 frekari ranns\u00f3knum \u00e1 j\u00f6r\u00f0inni. Fyrirhuga\u00f0ir k\u00f6nnunarskur\u00f0ir eru eftirfarandi:<\/p>\n<p>1. K\u00f6nnunarskur\u00f0ur \u00ed gar\u00f0 sem umlykur heimaland Narfasta\u00f0asels. Auglj\u00f3st vir\u00f0ist a\u00f0 gar\u00f0urinn hefur \u00e1tt a\u00f0 marka af heimaland selsins. Me\u00f0 k\u00f6nnunarskur\u00f0i \u00e6tti a\u00f0 vera h\u00e6gt a\u00f0 f\u00e1 hugmynd um hven\u00e6r fyrst hefur komist \u00e1 bygg\u00f0 \u00fear, hvort sem um hefur veri\u00f0 a\u00f0 r\u00e6\u00f0a fasta b\u00fasetu e\u00f0a selst\u00f6\u00f0u fr\u00e1 Narfast\u00f6\u00f0um eins og nafni\u00f0 bendir til.<\/p>\n<p>2. K\u00f6nnunarskur\u00f0ur \u00ed Gamlagar\u00f0 sem liggur allt fr\u00e1 Reykjadals\u00e1 og langt vestur fyrir t\u00fangar\u00f0 \u00e1 Narfast\u00f6\u00f0um. Ef liti\u00f0 er \u00e1 kort (sj\u00e1 vi\u00f0hengi h\u00e9r aftan vi\u00f0) s\u00e9st a\u00f0 afsta\u00f0a gar\u00f0sins er s\u00e9rkennileg ef mi\u00f0a\u00f0 er vi\u00f0 \u00fea\u00f0 b\u00e6jarst\u00e6\u00f0i sem tali\u00f0 er elst \u00e1 Narfast\u00f6\u00f0um ? \u00fea\u00f0 er utan \u00feess sv\u00e6\u00f0is sem gar\u00f0urinn afmarkar. \u00dev\u00ed vir\u00f0ist hann tilheyra eldra bygg\u00f0arskipulagi og er hugsanlegt a\u00f0 Narfasta\u00f0ab\u00e6rinn hafi \u00e1\u00f0ur sta\u00f0i\u00f0 innan gar\u00f0sins. \u00dear eru t\u00f6luvert miklar r\u00fastir sem hafa ekki veri\u00f0 kanna\u00f0ar og nefnast Ytrager\u00f0i.<\/p>\n<p>3. K\u00f6nnunarskur\u00f0ur \u00ed \u00f3nefndan gar\u00f0 sem liggur skammt ofan vi\u00f0 \u00e1\u00f0urnefnt Ytrager\u00f0i. Hann tekur nokku\u00f0 auglj\u00f3san sveig um ger\u00f0i\u00f0 og vir\u00f0ist \u00fev\u00ed hafa veri\u00f0 bygg\u00f0ur s\u00ed\u00f0ar en \u00fea\u00f0. Uppgr\u00f6ftur \u00ed b\u00e6jarh\u00f3la og b\u00e6jarst\u00e6\u00f0i \u00fear sem h\u00fas hafa veri\u00f0 reist \u00e6 ofan \u00ed \u00e6 \u00f6ldum saman, er b\u00e6\u00f0i fl\u00f3kin, kostna\u00f0ars\u00f6m og t\u00edmafrek a\u00f0ger\u00f0. K\u00f6nnunarskur\u00f0ir \u00ed ofangreind gar\u00f0l\u00f6g \u00e1 Narfast\u00f6\u00f0um eru hins vegar fyrsta skrefi\u00f0 \u00ed \u00fe\u00e1 \u00e1tt a\u00f0 varpa lj\u00f3si \u00e1 bygg\u00f0ina \u00fear og \u00fer\u00f3un hennar me\u00f0 tilt\u00f6lulega einf\u00f6ldum h\u00e6tti og litlum tilkostna\u00f0i.<\/p>\n","protected":false},"excerpt":{"rendered":"<p>Verkefnaskr\u00e1 Hins \u00feingeyska fornleifaf\u00e9lags 2005. \u00deingey \u00ed Skj\u00e1lfandaflj\u00f3ti: L\u00fdsing verkefnis &nbsp; Verkefni\u00f0 skiptist \u00ed tvennt: Annars vegar ver\u00f0a r\u00fastir \u00ed eynni m\u00e6ldar n\u00e1kv\u00e6mlega upp me\u00f0 GPS-yfirbor\u00f0sm\u00e6lingu (differential GPS). \u00deannig er unnt a\u00f0 b\u00faa til n\u00e1kv\u00e6mt \u00fer\u00edv\u00edddarl\u00edkan af \u00f6llum r\u00fastunum. Hins vegar ver\u00f0a grafnir k\u00f6nnunarskur\u00f0ir \u00e1 fj\u00f3rum st\u00f6\u00f0um, fyrst og fremst til a\u00f0 greina aldur r\u00fastanna &hellip; <\/p>\n<p class=\"link-more\"><a href=\"http:\/\/fornleifafelag.is\/?page_id=236\" class=\"more-link\">Lesa \u00e1fram<span class=\"screen-reader-text\"> &#8222;Verkefnaskr\u00e1 2005&#8220;<\/span><\/a><\/p>\n","protected":false},"author":3,"featured_media":0,"parent":234,"menu_order":0,"comment_status":"closed","ping_status":"closed","template":"","meta":[],"_links":{"self":[{"href":"http:\/\/fornleifafelag.is\/index.php?rest_route=\/wp\/v2\/pages\/236"}],"collection":[{"href":"http:\/\/fornleifafelag.is\/index.php?rest_route=\/wp\/v2\/pages"}],"about":[{"href":"http:\/\/fornleifafelag.is\/index.php?rest_route=\/wp\/v2\/types\/page"}],"author":[{"embeddable":true,"href":"http:\/\/fornleifafelag.is\/index.php?rest_route=\/wp\/v2\/users\/3"}],"replies":[{"embeddable":true,"href":"http:\/\/fornleifafelag.is\/index.php?rest_route=%2Fwp%2Fv2%2Fcomments&post=236"}],"version-history":[{"count":0,"href":"http:\/\/fornleifafelag.is\/index.php?rest_route=\/wp\/v2\/pages\/236\/revisions"}],"up":[{"embeddable":true,"href":"http:\/\/fornleifafelag.is\/index.php?rest_route=\/wp\/v2\/pages\/234"}],"wp:attachment":[{"href":"http:\/\/fornleifafelag.is\/index.php?rest_route=%2Fwp%2Fv2%2Fmedia&parent=236"}],"curies":[{"name":"wp","href":"https:\/\/api.w.org\/{rel}","templated":true}]}}