{"id":302,"date":"2017-01-24T12:38:09","date_gmt":"2017-01-24T12:38:09","guid":{"rendered":"http:\/\/blekhonnun.is\/fornleifafelag\/?page_id=302"},"modified":"2017-01-24T12:38:09","modified_gmt":"2017-01-24T12:38:09","slug":"1-stjornarfundur-2004","status":"publish","type":"page","link":"http:\/\/fornleifafelag.is\/?page_id=302","title":{"rendered":"1. stj\u00f3rnarfundur 2004"},"content":{"rendered":"<h1 class=\"newsheadline\">1. stj\u00f3rnarfundur 2004., 02.10.2004<\/h1>\n<h4>24. J\u00fan\u00ed 2006<\/h4>\n<p>1. fundur stj\u00f3rnar Hins \u00feingeyska fornleifaf\u00e9lags. N\u00fdkj\u00f6rin stj\u00f3rn Hins \u00feingeyska fornleifaf\u00e9lags kom saman a\u00f0 loknum stofnfundi f\u00e9lagsins a\u00f0 Narfast\u00f6\u00f0um \u00feann 2. okt\u00f3ber 2004 \u00deetta ger\u00f0ist: 1. Verkaskipting stj\u00f3rnar. Forma\u00f0ur Unnsteinn Ingason. Ritari Hrei\u00f0ar Karlsson. Gjaldkeri Tryggvi Finnsson. 2. Stj\u00f3rnin felur formanni a\u00f0 semja vi\u00f0 Atvinnu\u00fer\u00f3unarf\u00e9lag \u00deingeyinga um b\u00f3khald og fj\u00e1rrei\u00f0ur fyrir f\u00e9lagi\u00f0. 3. Formanni einnig fali\u00f0 a\u00f0 ganga fr\u00e1 skr\u00e1ningu Hins \u00feingeyska fornleifaf\u00e9lags, \u00fatvega kennit\u00f6lu o.s.frv. Tryggvi Finnsson. Hrei\u00f0ar Karlsson. Unnsteinn Ingason.<\/p>\n<p>&nbsp;<\/p>\n<h1 class=\"newsheadline\"><a href=\"http:\/\/www.fornleifafelag.is\/index.php?p=news&amp;id=9\">Stofnfundarger\u00f0 02.10.2004<\/a><\/h1>\n","protected":false},"excerpt":{"rendered":"<p>1. stj\u00f3rnarfundur 2004., 02.10.2004 24. J\u00fan\u00ed 2006 1. fundur stj\u00f3rnar Hins \u00feingeyska fornleifaf\u00e9lags. N\u00fdkj\u00f6rin stj\u00f3rn Hins \u00feingeyska fornleifaf\u00e9lags kom saman a\u00f0 loknum stofnfundi f\u00e9lagsins a\u00f0 Narfast\u00f6\u00f0um \u00feann 2. okt\u00f3ber 2004 \u00deetta ger\u00f0ist: 1. Verkaskipting stj\u00f3rnar. Forma\u00f0ur Unnsteinn Ingason. Ritari Hrei\u00f0ar Karlsson. Gjaldkeri Tryggvi Finnsson. 2. Stj\u00f3rnin felur formanni a\u00f0 semja vi\u00f0 Atvinnu\u00fer\u00f3unarf\u00e9lag \u00deingeyinga um b\u00f3khald &hellip; <\/p>\n<p class=\"link-more\"><a href=\"http:\/\/fornleifafelag.is\/?page_id=302\" class=\"more-link\">Lesa \u00e1fram<span class=\"screen-reader-text\"> &#8222;1. stj\u00f3rnarfundur 2004&#8220;<\/span><\/a><\/p>\n","protected":false},"author":3,"featured_media":0,"parent":300,"menu_order":0,"comment_status":"closed","ping_status":"closed","template":"","meta":[],"_links":{"self":[{"href":"http:\/\/fornleifafelag.is\/index.php?rest_route=\/wp\/v2\/pages\/302"}],"collection":[{"href":"http:\/\/fornleifafelag.is\/index.php?rest_route=\/wp\/v2\/pages"}],"about":[{"href":"http:\/\/fornleifafelag.is\/index.php?rest_route=\/wp\/v2\/types\/page"}],"author":[{"embeddable":true,"href":"http:\/\/fornleifafelag.is\/index.php?rest_route=\/wp\/v2\/users\/3"}],"replies":[{"embeddable":true,"href":"http:\/\/fornleifafelag.is\/index.php?rest_route=%2Fwp%2Fv2%2Fcomments&post=302"}],"version-history":[{"count":0,"href":"http:\/\/fornleifafelag.is\/index.php?rest_route=\/wp\/v2\/pages\/302\/revisions"}],"up":[{"embeddable":true,"href":"http:\/\/fornleifafelag.is\/index.php?rest_route=\/wp\/v2\/pages\/300"}],"wp:attachment":[{"href":"http:\/\/fornleifafelag.is\/index.php?rest_route=%2Fwp%2Fv2%2Fmedia&parent=302"}],"curies":[{"name":"wp","href":"https:\/\/api.w.org\/{rel}","templated":true}]}}